{"id":240883,"date":"2019-07-16T08:35:13","date_gmt":"2019-07-16T08:35:13","guid":{"rendered":"http:\/\/fincasolmark.com\/wpfs\/lagarbete\/"},"modified":"2023-03-03T13:54:49","modified_gmt":"2023-03-03T12:54:49","slug":"lagarbete","status":"publish","type":"page","link":"https:\/\/fincasolmark.com\/sv\/lagarbete\/","title":{"rendered":"LAGARBETE"},"content":{"rendered":"<p>[et_pb_section fb_built=&#8221;1&#8243; fullwidth=&#8221;on&#8221; _builder_version=&#8221;4.16&#8243; global_colors_info=&#8221;{}&#8221;][et_pb_fullwidth_slider show_arrows=&#8221;off&#8221; _builder_version=&#8221;4.16&#8243; header_font=&#8221;||||||||&#8221; body_font=&#8221;||||||||&#8221; global_colors_info=&#8221;{}&#8221;][et_pb_slide heading=&#8221;LAGARBETE&#8221; use_bg_overlay=&#8221;off&#8221; use_text_overlay=&#8221;on&#8221; _builder_version=&#8221;4.16&#8243; header_level=&#8221;h1&#8243; header_font=&#8221;||||||||&#8221; body_font=&#8221;||||||||&#8221; background_image=&#8221;http:\/\/fincasolmark.com\/wp-content\/uploads\/2019\/03\/finca_solmark_home_pelle.jpg&#8221; header_font_size_tablet=&#8221;26px&#8221; header_font_size_phone=&#8221;15px&#8221; header_font_size_last_edited=&#8221;on|phone&#8221; global_colors_info=&#8221;{}&#8221; sticky_transition=&#8221;on&#8221;][\/et_pb_slide][\/et_pb_fullwidth_slider][\/et_pb_section][et_pb_section fb_built=&#8221;1&#8243; _builder_version=&#8221;4.16&#8243; custom_padding=&#8221;||19px|||&#8221; locked=&#8221;off&#8221; global_colors_info=&#8221;{}&#8221;][et_pb_row _builder_version=&#8221;4.16&#8243; custom_margin=&#8221;|auto|21px|auto||&#8221; global_colors_info=&#8221;{}&#8221;][et_pb_column type=&#8221;4_4&#8243; _builder_version=&#8221;4.16&#8243; custom_padding=&#8221;|||&#8221; global_colors_info=&#8221;{}&#8221; custom_padding__hover=&#8221;|||&#8221;][et_pb_text _builder_version=&#8221;4.20.0&#8243; text_font=&#8221;Libre Baskerville||||||||&#8221; text_font_size=&#8221;18px&#8221; hover_enabled=&#8221;0&#8243; text_font_size_tablet=&#8221;16px&#8221; text_font_size_phone=&#8221;13px&#8221; text_font_size_last_edited=&#8221;on|desktop&#8221; global_colors_info=&#8221;{}&#8221; sticky_enabled=&#8221;0&#8243;]<\/p>\n<p style=\"font-weight: 400;\"><span>Min sv\u00e5ger och goda v\u00e4n Manuel Arroyo har jobbat som tr\u00e4dg\u00e5rdsm\u00e4stare i 25 \u00e5r och \u00e4r idag chef f\u00f6r fincan efter att ha startat projektet tillsammans med mig.<br \/>Jos\u00e9 Antonio \u00e4r en h\u00e5rt arbetande kille full med energi och humor som har en tendens att smitta av sig p\u00e5 alla bes\u00f6kare.<\/span><\/p>\n<p style=\"font-weight: 400;\"><span>Jag \u00e4r glad att ha ett\u00a0<\/span><strong><u><a href=\"http:\/\/fincasolmark.com\/vilka-ar-vi\/\" data-saferedirecturl=\"https:\/\/www.google.com\/url?q=http:\/\/fincasolmark.com\/vilka-ar-vi\/&amp;source=gmail&amp;ust=1677933826502000&amp;usg=AOvVaw1gcZCNti-yCI66CNrYvzhr\">lag av anst\u00e4llda<\/a><\/u><\/strong><span>\u00a0med s\u00e5 m\u00e5nga olika\u00a0<\/span><strong>talanger<\/strong><span>\u00a0som liksom mig har en\u00a0<\/span><strong>passion<\/strong><span>\u00a0f\u00f6r sitt arbete och en\u00a0<\/span><strong>positiv inst\u00e4llning.<\/strong><\/p>\n<p style=\"font-weight: 400;\"><span>De har varit med \u00e4nda fr\u00e5n b\u00f6rjan (april 2018 f\u00f6r att vara exakt) och investerat b\u00e5de tid, energi och arbete vid min sida f\u00f6r att skapa grunden till vad som redan blivit till en vacker finca. Detta \u00e4r dock bara b\u00f6rjan p\u00e5 n\u00e5got mycket st\u00f6rre och \u00e4nnu mer inspirerande.<\/span><\/p>\n<p>[\/et_pb_text][\/et_pb_column][\/et_pb_row][\/et_pb_section][et_pb_section fb_built=&#8221;1&#8243; _builder_version=&#8221;4.16&#8243; background_color=&#8221;rgba(0,0,0,0.3)&#8221; background_image=&#8221;http:\/\/fincasolmark.com\/wp-content\/uploads\/2019\/05\/finca_solmark_trabajo_en_equipo_huerto-1.jpg&#8221; custom_padding=&#8221;188px||209px|||&#8221; top_divider_color=&#8221;rgba(0,0,0,0.56)&#8221; bottom_divider_color=&#8221;#ad9a6b&#8221; global_colors_info=&#8221;{}&#8221;][et_pb_row _builder_version=&#8221;4.16&#8243; global_colors_info=&#8221;{}&#8221;][et_pb_column type=&#8221;4_4&#8243; _builder_version=&#8221;4.16&#8243; custom_padding=&#8221;|||&#8221; global_colors_info=&#8221;{}&#8221; custom_padding__hover=&#8221;|||&#8221;][et_pb_text _builder_version=&#8221;4.16&#8243; text_font=&#8221;Libre Baskerville|700|||||||&#8221; text_font_size=&#8221;18px&#8221; background_color=&#8221;rgba(0,0,0,0.42)&#8221; background_layout=&#8221;dark&#8221; custom_padding=&#8221;0px|||||&#8221; text_font_size_tablet=&#8221;16px&#8221; text_font_size_phone=&#8221;13px&#8221; text_font_size_last_edited=&#8221;on|desktop&#8221; global_colors_info=&#8221;{}&#8221;]\u201dN\u00e4r man omger sig av folk som delar ens passion och engagemang i att g\u00f6ra v\u00e4rlden till en b\u00e4ttre plats \u00e4r allting m\u00f6jligt. Det viktiga \u00e4r att tycka om vad man g\u00f6r. N\u00e4r man g\u00f6r det blir jobbet roligt och ens arbetslag k\u00e4nner sig naturligt motiverat och entusiastiskt.\u201d[\/et_pb_text][\/et_pb_column][\/et_pb_row][\/et_pb_section][et_pb_section fb_built=&#8221;1&#8243; admin_label=&#8221;Gallery&#8221; _builder_version=&#8221;4.16&#8243; background_color_gradient_direction=&#8221;90deg&#8221; custom_padding=&#8221;0px|0px|0px|0px&#8221; locked=&#8221;off&#8221; global_colors_info=&#8221;{}&#8221;][et_pb_row column_structure=&#8221;1_4,1_4,1_4,1_4&#8243; use_custom_gutter=&#8221;on&#8221; gutter_width=&#8221;1&#8243; make_equal=&#8221;on&#8221; admin_label=&#8221;Best Beans Row&#8221; module_class=&#8221; et_pb_row_fullwidth&#8221; _builder_version=&#8221;4.16&#8243; width=&#8221;100%&#8221; width_tablet=&#8221;100%&#8221; width_phone=&#8221;&#8221; width_last_edited=&#8221;on|desktop&#8221; max_width=&#8221;100%&#8221; max_width_tablet=&#8221;100%&#8221; max_width_phone=&#8221;&#8221; max_width_last_edited=&#8221;on|desktop&#8221; custom_margin=&#8221;|||&#8221; custom_padding=&#8221;0px|0px|0px|0px&#8221; make_fullwidth=&#8221;on&#8221; global_colors_info=&#8221;{}&#8221;][et_pb_column type=&#8221;1_4&#8243; _builder_version=&#8221;4.16&#8243; custom_padding=&#8221;|||&#8221; global_colors_info=&#8221;{}&#8221; custom_padding__hover=&#8221;|||&#8221;][et_pb_image src=&#8221;http:\/\/fincasolmark.com\/wp-content\/uploads\/2019\/05\/finca_solmark_trabajo_en_equipo_tractor.jpg&#8221; force_fullwidth=&#8221;on&#8221; align_tablet=&#8221;center&#8221; align_phone=&#8221;&#8221; align_last_edited=&#8221;on|desktop&#8221; _builder_version=&#8221;4.16&#8243; global_colors_info=&#8221;{}&#8221;][\/et_pb_image][\/et_pb_column][et_pb_column type=&#8221;1_4&#8243; _builder_version=&#8221;4.16&#8243; custom_padding=&#8221;|||&#8221; global_colors_info=&#8221;{}&#8221; custom_padding__hover=&#8221;|||&#8221;][et_pb_image src=&#8221;http:\/\/fincasolmark.com\/wp-content\/uploads\/2019\/05\/finca_solmark_trabajo_en_equipo_planta_aguacate.jpg&#8221; force_fullwidth=&#8221;on&#8221; align_tablet=&#8221;center&#8221; align_phone=&#8221;&#8221; align_last_edited=&#8221;on|desktop&#8221; _builder_version=&#8221;4.16&#8243; locked=&#8221;off&#8221; global_colors_info=&#8221;{}&#8221;][\/et_pb_image][\/et_pb_column][et_pb_column type=&#8221;1_4&#8243; _builder_version=&#8221;4.16&#8243; custom_padding=&#8221;|||&#8221; global_colors_info=&#8221;{}&#8221; custom_padding__hover=&#8221;|||&#8221;][et_pb_image src=&#8221;http:\/\/fincasolmark.com\/wp-content\/uploads\/2023\/03\/Pelle-farmer.jpg&#8221; force_fullwidth=&#8221;on&#8221; align_tablet=&#8221;center&#8221; align_phone=&#8221;&#8221; align_last_edited=&#8221;on|desktop&#8221; _builder_version=&#8221;4.20.0&#8243; hover_enabled=&#8221;0&#8243; locked=&#8221;off&#8221; global_colors_info=&#8221;{}&#8221; title_text=&#8221;Pelle farmer&#8221; sticky_enabled=&#8221;0&#8243;][\/et_pb_image][\/et_pb_column][et_pb_column type=&#8221;1_4&#8243; _builder_version=&#8221;4.16&#8243; custom_padding=&#8221;|||&#8221; global_colors_info=&#8221;{}&#8221; custom_padding__hover=&#8221;|||&#8221;][et_pb_image src=&#8221;http:\/\/fincasolmark.com\/wp-content\/uploads\/2019\/05\/finca_solmark_trabajo_en_equipo_cosecha_aceituna.jpg&#8221; force_fullwidth=&#8221;on&#8221; align_tablet=&#8221;center&#8221; align_phone=&#8221;&#8221; align_last_edited=&#8221;on|desktop&#8221; _builder_version=&#8221;4.16&#8243; locked=&#8221;off&#8221; global_colors_info=&#8221;{}&#8221;][\/et_pb_image][\/et_pb_column][\/et_pb_row][\/et_pb_section]<\/p>\n","protected":false},"excerpt":{"rendered":"<p>Min sv\u00e5ger och goda v\u00e4n Manuel Arroyo har jobbat som tr\u00e4dg\u00e5rdsm\u00e4stare i 25 \u00e5r och \u00e4r idag chef f\u00f6r fincan efter att ha startat projektet tillsammans med mig.Jos\u00e9 Antonio \u00e4r en h\u00e5rt arbetande kille full med energi och humor som har en tendens att smitta av sig p\u00e5 alla bes\u00f6kare. Jag \u00e4r glad att ha [&hellip;]<\/p>\n","protected":false},"author":1,"featured_media":0,"parent":0,"menu_order":0,"comment_status":"closed","ping_status":"closed","template":"","meta":{"_et_pb_use_builder":"on","_et_pb_old_content":"","_et_gb_content_width":"","footnotes":""},"class_list":["post-240883","page","type-page","status-publish","hentry"],"_links":{"self":[{"href":"https:\/\/fincasolmark.com\/sv\/wp-json\/wp\/v2\/pages\/240883","targetHints":{"allow":["GET"]}}],"collection":[{"href":"https:\/\/fincasolmark.com\/sv\/wp-json\/wp\/v2\/pages"}],"about":[{"href":"https:\/\/fincasolmark.com\/sv\/wp-json\/wp\/v2\/types\/page"}],"author":[{"embeddable":true,"href":"https:\/\/fincasolmark.com\/sv\/wp-json\/wp\/v2\/users\/1"}],"replies":[{"embeddable":true,"href":"https:\/\/fincasolmark.com\/sv\/wp-json\/wp\/v2\/comments?post=240883"}],"version-history":[{"count":2,"href":"https:\/\/fincasolmark.com\/sv\/wp-json\/wp\/v2\/pages\/240883\/revisions"}],"predecessor-version":[{"id":300807,"href":"https:\/\/fincasolmark.com\/sv\/wp-json\/wp\/v2\/pages\/240883\/revisions\/300807"}],"wp:attachment":[{"href":"https:\/\/fincasolmark.com\/sv\/wp-json\/wp\/v2\/media?parent=240883"}],"curies":[{"name":"wp","href":"https:\/\/api.w.org\/{rel}","templated":true}]}}