{"id":120446,"date":"2019-04-24T10:18:02","date_gmt":"2019-04-24T10:18:02","guid":{"rendered":"http:\/\/fincasolmark.com\/wpfs\/?page_id=120446"},"modified":"2024-04-12T20:38:35","modified_gmt":"2024-04-12T18:38:35","slug":"carratraca-el-paraiso-escondido-del-relax-y-bienestar","status":"publish","type":"page","link":"https:\/\/fincasolmark.com\/es\/carratraca-el-paraiso-escondido-del-relax-y-bienestar\/","title":{"rendered":"CARRATRACA: El Para\u00edso escondido del relax y bienestar"},"content":{"rendered":"<p>[et_pb_section fb_built=\u00bb1&#8243; admin_label=\u00bbsection\u00bb _builder_version=\u00bb4.16&#8243; background_image=\u00bbhttps:\/\/fincasolmark.com\/wp-content\/uploads\/2019\/05\/finca_solmark_carratraca.jpg\u00bb transparent_background=\u00bboff\u00bb make_fullwidth=\u00bboff\u00bb use_custom_width=\u00bboff\u00bb width_unit=\u00bbon\u00bb global_colors_info=\u00bb{}\u00bb][et_pb_row custom_padding_last_edited=\u00bbon|phone\u00bb admin_label=\u00bbrow\u00bb _builder_version=\u00bb4.16&#8243; background_color_gradient_direction=\u00bb360deg\u00bb background_blend=\u00bbsoft-light\u00bb custom_padding=\u00bb10vw||11vw|||\u00bb custom_padding_tablet=\u00bb100px||100px|\u00bb custom_padding_phone=\u00bb80px||80px|\u00bb global_colors_info=\u00bb{}\u00bb][et_pb_column type=\u00bb4_4&#8243; _builder_version=\u00bb4.16&#8243; background_position=\u00bbtop_left\u00bb custom_padding=\u00bb|||\u00bb global_colors_info=\u00bb{}\u00bb custom_padding__hover=\u00bb|||\u00bb][et_pb_text _builder_version=\u00bb4.16&#8243; text_font=\u00bbLibre Franklin||||||||\u00bb text_text_color=\u00bb#ffffff\u00bb header_font=\u00bb||||||||\u00bb header_font_size=\u00bb40px\u00bb background_color=\u00bbrgba(0,0,0,0.36)\u00bb background_layout=\u00bbdark\u00bb header_font_size_tablet=\u00bb26px\u00bb header_font_size_phone=\u00bb18px\u00bb header_font_size_last_edited=\u00bbon|phone\u00bb global_colors_info=\u00bb{}\u00bb]<\/p>\n<h1 style=\"text-align: center;\">CARRATRACA<\/h1>\n<h1 style=\"text-align: center;\">El Para\u00edso escondido del Relax y el Bienestar<\/h1>\n<p>[\/et_pb_text][\/et_pb_column][\/et_pb_row][\/et_pb_section][et_pb_section fb_built=\u00bb1&#8243; _builder_version=\u00bb4.16&#8243; custom_padding=\u00bb0px||2px|||\u00bb global_colors_info=\u00bb{}\u00bb][et_pb_row _builder_version=\u00bb4.16&#8243; custom_padding=\u00bb65px|||||\u00bb global_colors_info=\u00bb{}\u00bb][et_pb_column type=\u00bb4_4&#8243; _builder_version=\u00bb4.16&#8243; custom_padding=\u00bb|||\u00bb global_colors_info=\u00bb{}\u00bb custom_padding__hover=\u00bb|||\u00bb][et_pb_text _builder_version=\u00bb4.16&#8243; text_font=\u00bb||||||||\u00bb text_font_size=\u00bb18px\u00bb min_height=\u00bb429px\u00bb text_font_size_tablet=\u00bb16px\u00bb text_font_size_phone=\u00bb13px\u00bb text_font_size_last_edited=\u00bbon|phone\u00bb global_colors_info=\u00bb{}\u00bb]<\/p>\n<p>La\u00a0<span><b>Finca Solmark<\/b><\/span>\u00a0se encuentra ubicada en\u00a0<span><b>Carratraca<\/b><\/span>, un municipio de la provincia de M\u00e1laga, en Espa\u00f1a, situado entre las estribaciones m\u00e1s nororientales de la Serran\u00eda de Ronda y cuyo nombre\u00a0procede del termino \u00e1rabe\u00a0<b>\u201cKarr-al-krak\u201d,<\/b>\u00a0que significa\u00a0<b>\u201climpiar de lacra\u201d.<\/b><span>\u00a0Es al mismo tiempo una de las puertas septentrionales del Valle del Guadalhorce y territorio fronterizo entre estas dos comarcas y la de Antequera, con la que conecta por Ardales.<\/span><\/p>\n<p><span>Aunque hubo tambi\u00e9n un asentamiento del per\u00ed\u00adodo hispano-musulm\u00e1n, el pueblo actual data del siglo XIX. A pesar\u00a0<\/span><span>de su antig\u00fcedad a\u00fan se conservan importantes\u00a0<b>monumentos\u00a0<\/b>que hoy en d\u00eda se pueden a\u00fan visitar y son parte de la\u00a0<b>riqueza del patrimonio art\u00edstico y cultural de M\u00e1laga<\/b>. Si bien su legado m\u00e1s famoso es su\u00a0<b>balneario de aguas sulfurosas<\/b>,\u00a0<\/span><span>con grandes\u00a0<\/span><span>propiedades terap\u00e9uticas.<\/span><\/p>\n<p>Se sabe que en 1725 en esta zona no exist\u00eda m\u00e1s que una sola casa, conocida por el nombre de<span>\u00a0<\/span><b>\u201cCortijo de Aguas Hediondas\u201d.<span>\u00a0<\/span><\/b>Sin embargo, las ba\u00f1eras halladas en la vertiente del manantial, los sepulcros y restos de cer\u00e1mica descubiertos en puntos diferentes del pueblo y, sobre todo, los vestigios de una muralla, hacen suponer que<span>\u00a0<\/span>Carratraca<span>\u00a0<\/span>estuvo habitada durante el per\u00edodo de la dominaci\u00f3n romana,\u00a0<span>cuando los guerreros iban a tomar las aguas para curar las heridas producidas en las grandes batallas, por el poder curativo de sus aguas sulfurosas, c\u00e1lcicas y magn\u00e9sicas. Pero fueron los \u00e1rabes los que le dan el nombre a este pueblo situado en la falda de Sierra Blanquilla.\u00a0<\/span><\/p>\n<p><span>En su t\u00e9rmino municipal, en una sima de cuarenta metros de profundidad de la Sierra de Alcapara\u00ed\u00adn, se han encontrado\u00a0<b>pinturas esquem\u00e1ticas y restos arqueol\u00f3gicos pertenecientes al per\u00ed\u00adodo Eneol\u00ed\u00adtico<\/b>. La presencia del hombre en estas tierras desde la remota Prehistoria se hace patente tambi\u00e9n en el colindante municipio de Ardales que, en la Cueva de Do\u00f1a Trinidad Grund, guarda pinturas rupestres de animales -cabras, caballos y ciervos- pertenecientes al Paleol\u00ed\u00adtico Superior (Solutrense y Magdaleniense, 18000 \u2013 14000 a.C.).<\/span><\/p>\n<p>[\/et_pb_text][\/et_pb_column][\/et_pb_row][\/et_pb_section][et_pb_section fb_built=\u00bb1&#8243; _builder_version=\u00bb4.16&#8243; background_color=\u00bb#969696&#8243; custom_padding=\u00bb4px||6px|||\u00bb box_shadow_style=\u00bbpreset1&#8243; global_colors_info=\u00bb{}\u00bb][et_pb_row _builder_version=\u00bb4.16&#8243; global_colors_info=\u00bb{}\u00bb][et_pb_column type=\u00bb4_4&#8243; _builder_version=\u00bb4.16&#8243; custom_padding=\u00bb|||\u00bb global_colors_info=\u00bb{}\u00bb custom_padding__hover=\u00bb|||\u00bb][et_pb_text _builder_version=\u00bb4.16&#8243; text_font=\u00bb||||||||\u00bb text_text_color=\u00bb#ffffff\u00bb text_font_size=\u00bb20px\u00bb ul_font=\u00bb||||||||\u00bb text_orientation=\u00bbcenter\u00bb text_font_size_tablet=\u00bb17px\u00bb text_font_size_phone=\u00bb15px\u00bb text_font_size_last_edited=\u00bbon|phone\u00bb global_colors_info=\u00bb{}\u00bb]<\/p>\n<p>VISITA LA ANDALUC\u00cdA M\u00c1S DESCONOCIDA Y DISFRUTA DE UN VIAJE SINGULAR. \u00bfTE ANIMAS A VIVIR UNA EXPERIENCIA DIFERENTE Y DESCUBRIR CON NOSOTROS RINCONES \u00daNICOS?<\/p>\n<p>[\/et_pb_text][\/et_pb_column][\/et_pb_row][\/et_pb_section][et_pb_section fb_built=\u00bb1&#8243; _builder_version=\u00bb4.24.3&#8243; custom_padding=\u00bb||7px|||\u00bb hover_enabled=\u00bb0&#8243; global_colors_info=\u00bb{}\u00bb disabled_on=\u00bbon|on|on\u00bb disabled=\u00bbon\u00bb sticky_enabled=\u00bb0&#8243;][et_pb_row column_structure=\u00bb1_2,1_2&#8243; _builder_version=\u00bb4.16&#8243; custom_padding=\u00bb10px|||||\u00bb global_colors_info=\u00bb{}\u00bb][et_pb_column type=\u00bb1_2&#8243; _builder_version=\u00bb4.16&#8243; custom_padding=\u00bb|||\u00bb global_colors_info=\u00bb{}\u00bb custom_padding__hover=\u00bb|||\u00bb][et_pb_cta button_url=\u00bbhttps:\/\/fincasolmark.com\/es\/contacto\/\u00bb button_text=\u00bbQuiero que me orientes\u00bb _builder_version=\u00bb4.16&#8243; header_font=\u00bbLibre Baskerville||||||||\u00bb header_font_size=\u00bb29px\u00bb body_font=\u00bbLibre Baskerville||||||||\u00bb body_font_size=\u00bb18px\u00bb use_background_color=\u00bboff\u00bb custom_button=\u00bbon\u00bb button_border_radius=\u00bb25px\u00bb button_font=\u00bb||||||||\u00bb background_layout=\u00bblight\u00bb custom_padding=\u00bb10%|5%||5%||\u00bb custom_padding_tablet=\u00bb0%||\u00bb custom_padding_phone=\u00bb\u00bb custom_padding_last_edited=\u00bbon|phone\u00bb header_font_size_tablet=\u00bb\u00bb header_font_size_phone=\u00bb22px\u00bb header_font_size_last_edited=\u00bbon|tablet\u00bb body_font_size_tablet=\u00bb16px\u00bb body_font_size_phone=\u00bb13px\u00bb body_font_size_last_edited=\u00bbon|phone\u00bb button_text_size_tablet=\u00bb16px\u00bb button_text_size_phone=\u00bb13px\u00bb button_text_size_last_edited=\u00bbon|phone\u00bb border_radii=\u00bbon|20px|20px|20px|20px\u00bb global_colors_info=\u00bb{}\u00bb]<\/p>\n<p>Cu\u00e9ntanos qu\u00e9 tipo de visita te gustar\u00eda hacer y nosotros te ayudamos a orientarte sobre qu\u00e9 lugares y\u00a0<span style=\"text-decoration: underline; color: #ff6600;\"><a href=\"https:\/\/fincasolmark.com\/es\/actividades\" style=\"color: #ad9a6b; text-decoration: underline;\">actividades<\/a><\/span> no te puedes perder.<\/p>\n<p>[\/et_pb_cta][\/et_pb_column][et_pb_column type=\u00bb1_2&#8243; _builder_version=\u00bb4.16&#8243; custom_padding=\u00bb|||\u00bb global_colors_info=\u00bb{}\u00bb custom_padding__hover=\u00bb|||\u00bb][et_pb_image src=\u00bbhttps:\/\/fincasolmark.com\/wp-content\/uploads\/2019\/05\/finca_solmark_carratraca_visitas.jpg\u00bb _builder_version=\u00bb4.16&#8243; box_shadow_style=\u00bbpreset1&#8243; global_colors_info=\u00bb{}\u00bb][\/et_pb_image][\/et_pb_column][\/et_pb_row][\/et_pb_section][et_pb_section fb_built=\u00bb1&#8243; _builder_version=\u00bb4.16&#8243; custom_margin=\u00bb||-9px|||\u00bb custom_padding=\u00bb||19px|||\u00bb global_colors_info=\u00bb{}\u00bb][et_pb_row _builder_version=\u00bb4.16&#8243; custom_padding=\u00bb3px||6px|||\u00bb global_colors_info=\u00bb{}\u00bb][et_pb_column type=\u00bb4_4&#8243; _builder_version=\u00bb4.16&#8243; custom_padding=\u00bb|||\u00bb global_colors_info=\u00bb{}\u00bb custom_padding__hover=\u00bb|||\u00bb][et_pb_divider _builder_version=\u00bb4.16&#8243; global_colors_info=\u00bb{}\u00bb][\/et_pb_divider][et_pb_text _builder_version=\u00bb4.16&#8243; text_font=\u00bb||||||||\u00bb text_text_color=\u00bb#879e78&#8243; text_font_size=\u00bb28px\u00bb text_line_height=\u00bb1.8em\u00bb header_font=\u00bb||||||||\u00bb header_2_font=\u00bbLibre Baskerville||||||||\u00bb header_2_text_color=\u00bb#ad9a6b\u00bb header_2_font_size=\u00bb28px\u00bb header_2_line_height=\u00bb1.2em\u00bb header_3_font=\u00bb||||||||\u00bb text_font_size_tablet=\u00bb16px\u00bb text_font_size_phone=\u00bb10px\u00bb text_font_size_last_edited=\u00bbon|phone\u00bb header_font_size_tablet=\u00bb26px\u00bb header_font_size_phone=\u00bb18px\u00bb header_font_size_last_edited=\u00bbon|phone\u00bb header_2_font_size_tablet=\u00bb18px\u00bb header_2_font_size_phone=\u00bb15px\u00bb header_2_font_size_last_edited=\u00bbon|phone\u00bb header_3_font_size_tablet=\u00bb16px\u00bb header_3_font_size_phone=\u00bb10px\u00bb header_3_font_size_last_edited=\u00bbon|desktop\u00bb global_colors_info=\u00bb{}\u00bb]<\/p>\n<h2 style=\"text-align: center;\"><strong>QU\u00c9 VER EN CARRATRACA<\/strong><\/h2>\n<h3 style=\"text-align: center;\"><strong>Naturaleza \u2013 Cultura \u2013 Gastronom\u00eda &#8211; Deporte &#8211; Golf- Salud &amp; Bienestar<\/strong><\/h3>\n<p style=\"text-align: center;\"><strong><\/strong><\/p>\n<p>[\/et_pb_text][et_pb_divider _builder_version=\u00bb4.16&#8243; global_colors_info=\u00bb{}\u00bb][\/et_pb_divider][\/et_pb_column][\/et_pb_row][et_pb_row _builder_version=\u00bb4.16&#8243; global_colors_info=\u00bb{}\u00bb][et_pb_column type=\u00bb4_4&#8243; _builder_version=\u00bb4.16&#8243; custom_padding=\u00bb|||\u00bb global_colors_info=\u00bb{}\u00bb custom_padding__hover=\u00bb|||\u00bb][et_pb_text _builder_version=\u00bb4.16&#8243; text_font=\u00bb||||||||\u00bb text_font_size=\u00bb18px\u00bb text_font_size_tablet=\u00bb16px\u00bb text_font_size_phone=\u00bb13px\u00bb text_font_size_last_edited=\u00bbon|phone\u00bb global_colors_info=\u00bb{}\u00bb]<\/p>\n<p>La oferta tur\u00edstica de Carratraca es incalculable. Contamos adem\u00e1s con otros destinos cercanos como\u00a0<i>Ardales, Casarabonela, \u00c1lora, Yunquera, Guaro, Co\u00edn, Antequera, Mijas, Co\u00edn, Ronda, Monda, C\u00e1rtama, Casabermeja, Pizarra, Oj\u00e9n, Fuente de Piedra, Marbella, M\u00e1laga, Torremolinos o Benalm\u00e1dena<\/i>, por citar tan s\u00f3lo algunos ejemplos, que seguro te van a sorprender y no te dejar\u00e1n indiferente.<\/p>\n<p>[\/et_pb_text][et_pb_text _builder_version=\u00bb4.19.4&#8243; text_font=\u00bb||||||||\u00bb text_font_size=\u00bb18px\u00bb text_font_size_tablet=\u00bb16px\u00bb text_font_size_phone=\u00bb13px\u00bb text_font_size_last_edited=\u00bbon|desktop\u00bb global_colors_info=\u00bb{}\u00bb]En la parte inferior puedes ver algunas de nuestras recomendaciones. Te animamos a que antes de venir a visitarnos nos escribas y nos cuentes qu\u00e9 tipo visita te gustar\u00eda hacer para que podamos orientarte sobre qu\u00e9 lugares y actividades realizar en funci\u00f3n de tus preferencias. No olvides contactarnos al\u00a0<b>e-mail\u00a0<a>lycklig@fincasolmark.com\u00a0<\/a><\/b><wbr \/>o a trav\u00e9s del\u00a0<b><a href=\"https:\/\/fincasolmark.com\/es\/contacto\" target=\"_blank\" data-saferedirecturl=\"https:\/\/www.google.com\/url?q=https:\/\/fincasolmark.com\/contacto&amp;source=gmail&amp;ust=1558776752989000&amp;usg=AFQjCNFUQKQrxN0tTjt7-RZRuhSYRwKX-g\" rel=\"noopener noreferrer\">formulario de contacto<\/a>.<\/b>[\/et_pb_text][\/et_pb_column][\/et_pb_row][\/et_pb_section][et_pb_section fb_built=\u00bb1&#8243; _builder_version=\u00bb4.16&#8243; custom_padding=\u00bb4px||9px|||\u00bb top_divider_color=\u00bb#000000&#8243; top_divider_height=\u00bb83px\u00bb bottom_divider_height=\u00bb73px\u00bb bottom_divider_arrangement=\u00bbabove_content\u00bb global_colors_info=\u00bb{}\u00bb][et_pb_row column_structure=\u00bb1_2,1_2&#8243; _builder_version=\u00bb4.16&#8243; _module_preset=\u00bbdefault\u00bb global_colors_info=\u00bb{}\u00bb][et_pb_column type=\u00bb1_2&#8243; _builder_version=\u00bb4.16&#8243; _module_preset=\u00bbdefault\u00bb global_colors_info=\u00bb{}\u00bb][et_pb_image src=\u00bbhttps:\/\/fincasolmark.com\/wp-content\/uploads\/2019\/05\/finca_solmark_carratraca_termas.jpg\u00bb title_text=\u00bbTermas de Carratraca\u00bb _builder_version=\u00bb4.16&#8243; _module_preset=\u00bbdefault\u00bb global_colors_info=\u00bb{}\u00bb][\/et_pb_image][\/et_pb_column][et_pb_column type=\u00bb1_2&#8243; _builder_version=\u00bb4.16&#8243; _module_preset=\u00bbdefault\u00bb global_colors_info=\u00bb{}\u00bb][et_pb_text _builder_version=\u00bb4.16&#8243; _module_preset=\u00bbdefault\u00bb header_2_font=\u00bbLibre Baskerville||||||||\u00bb header_2_text_align=\u00bbcenter\u00bb global_colors_info=\u00bb{}\u00bb]<\/p>\n<h2><strong>Villa Padierna Thermas Hotel: un mundo de salud &amp; bienestar<\/strong><\/h2>\n<p>[\/et_pb_text][et_pb_text _builder_version=\u00bb4.16&#8243; _module_preset=\u00bbdefault\u00bb global_colors_info=\u00bb{}\u00bb]<\/p>\n<p>La <strong>Finca Solmark<\/strong> est\u00e1 muy cerca del balneario <strong>Villa Padierna Thermas de\u00a0 Carratra.<\/strong><\/p>\n<p>Experimenta los placeres de los Ba\u00f1os Romanos con las comodidades del siglo XXI y d\u00e9jate llevar por el lujo de los sentidos en el <strong>Circuito Thermal de Aguas Minero-Medicinales<\/strong>, \u00fanico en la Costa del Sol.<\/p>\n<p>Las instalaciones del Medical Wellness, con alrededor de 1800 m2, son el escenario perfecto para <strong>la relajaci\u00f3n del cuerpo y mente.<\/strong><\/p>\n<p>[\/et_pb_text][\/et_pb_column][\/et_pb_row][\/et_pb_section][et_pb_section fb_built=\u00bb1&#8243; disabled_on=\u00bbon|on|on\u00bb _builder_version=\u00bb4.16&#8243; custom_padding=\u00bb20px||4px|||\u00bb bottom_divider_flip=\u00bbvertical\u00bb disabled=\u00bbon\u00bb global_colors_info=\u00bb{}\u00bb][et_pb_row use_custom_gutter=\u00bbon\u00bb gutter_width=\u00bb1&#8243; make_equal=\u00bbon\u00bb _builder_version=\u00bb4.16&#8243; width=\u00bb90%\u00bb max_width=\u00bb90%\u00bb custom_padding=\u00bb27px||62px|||\u00bb global_colors_info=\u00bb{}\u00bb][et_pb_column type=\u00bb4_4&#8243; _builder_version=\u00bb4.16&#8243; custom_padding=\u00bb|||\u00bb global_colors_info=\u00bb{}\u00bb custom_padding__hover=\u00bb|||\u00bb][et_pb_gallery gallery_ids=\u00bb238625,238626,238627,238628,238629,239573,238631,238632,238633,238634,238635,238636&#8243; posts_number=\u00bb12&#8243; show_pagination=\u00bboff\u00bb hover_icon=\u00bb&#x55;||divi||400&#8243; module_class=\u00bbgaleria-carratraca\u00bb _builder_version=\u00bb4.16&#8243; title_font=\u00bbLibre Baskerville||||||||\u00bb title_font_size=\u00bb16px\u00bb text_orientation=\u00bbcenter\u00bb title_font_size_tablet=\u00bb13px\u00bb title_font_size_phone=\u00bb8px\u00bb title_font_size_last_edited=\u00bbon|phone\u00bb global_colors_info=\u00bb{}\u00bb custom_css_overlay_icon__hover_enabled=\u00bboff\u00bb][\/et_pb_gallery][\/et_pb_column][\/et_pb_row][\/et_pb_section]<\/p>\n","protected":false},"excerpt":{"rendered":"<p>CARRATRACA El Para\u00edso escondido del Relax y el BienestarLa\u00a0Finca Solmark\u00a0se encuentra ubicada en\u00a0Carratraca, un municipio de la provincia de M\u00e1laga, en Espa\u00f1a, situado entre las estribaciones m\u00e1s nororientales de la Serran\u00eda de Ronda y cuyo nombre\u00a0procede del termino \u00e1rabe\u00a0\u201cKarr-al-krak\u201d,\u00a0que significa\u00a0\u201climpiar de lacra\u201d.\u00a0Es al mismo tiempo una de las puertas septentrionales del Valle del Guadalhorce y [&hellip;]<\/p>\n","protected":false},"author":1,"featured_media":0,"parent":0,"menu_order":0,"comment_status":"closed","ping_status":"closed","template":"","meta":{"_et_pb_use_builder":"on","_et_pb_old_content":"","_et_gb_content_width":"","footnotes":""},"class_list":["post-120446","page","type-page","status-publish","hentry"],"_links":{"self":[{"href":"https:\/\/fincasolmark.com\/es\/wp-json\/wp\/v2\/pages\/120446","targetHints":{"allow":["GET"]}}],"collection":[{"href":"https:\/\/fincasolmark.com\/es\/wp-json\/wp\/v2\/pages"}],"about":[{"href":"https:\/\/fincasolmark.com\/es\/wp-json\/wp\/v2\/types\/page"}],"author":[{"embeddable":true,"href":"https:\/\/fincasolmark.com\/es\/wp-json\/wp\/v2\/users\/1"}],"replies":[{"embeddable":true,"href":"https:\/\/fincasolmark.com\/es\/wp-json\/wp\/v2\/comments?post=120446"}],"version-history":[{"count":2,"href":"https:\/\/fincasolmark.com\/es\/wp-json\/wp\/v2\/pages\/120446\/revisions"}],"predecessor-version":[{"id":329856,"href":"https:\/\/fincasolmark.com\/es\/wp-json\/wp\/v2\/pages\/120446\/revisions\/329856"}],"wp:attachment":[{"href":"https:\/\/fincasolmark.com\/es\/wp-json\/wp\/v2\/media?parent=120446"}],"curies":[{"name":"wp","href":"https:\/\/api.w.org\/{rel}","templated":true}]}}